{"id":67,"date":"2022-04-08T12:06:37","date_gmt":"2022-04-08T10:06:37","guid":{"rendered":"https:\/\/ostcjknjiznica.splet.arnes.si\/?page_id=67"},"modified":"2023-02-23T10:56:07","modified_gmt":"2023-02-23T09:56:07","slug":"nacionalna-izmenjava-knjiznih-kazalk","status":"publish","type":"page","link":"https:\/\/ostcjknjiznica.splet.arnes.si\/?page_id=67","title":{"rendered":"NACIONALNA IZMENJAVA KNJI\u017dNIH KAZALK"},"content":{"rendered":"<div class=\"wp-block-image\">\n<figure class=\"aligncenter size-large is-resized\"><img loading=\"lazy\" decoding=\"async\" src=\"https:\/\/ostcjknjiznica.splet.arnes.si\/files\/2023\/02\/KAZALKE2-1024x768.jpg\" alt=\"\" class=\"wp-image-245\" width=\"290\" height=\"217\" srcset=\"https:\/\/ostcjknjiznica.splet.arnes.si\/files\/2023\/02\/KAZALKE2-1024x768.jpg 1024w, https:\/\/ostcjknjiznica.splet.arnes.si\/files\/2023\/02\/KAZALKE2-300x225.jpg 300w, https:\/\/ostcjknjiznica.splet.arnes.si\/files\/2023\/02\/KAZALKE2-768x576.jpg 768w, https:\/\/ostcjknjiznica.splet.arnes.si\/files\/2023\/02\/KAZALKE2-1536x1152.jpg 1536w, https:\/\/ostcjknjiznica.splet.arnes.si\/files\/2023\/02\/KAZALKE2-2048x1536.jpg 2048w\" sizes=\"auto, (max-width: 290px) 100vw, 290px\" \/><figcaption><em>Izmenjava 2020 po delavnici Zabava s knjigo (foto: KSP)<\/em><\/figcaption><\/figure>\n<\/div>\n\n\n<p>V okviru Mednarodnega meseca \u0161olskih knji\u017enic, ki ga praznujemo v oktobru, bo tudi letos pod okriljem Zveze bibliotekarskih zdru\u017eenj Slovenije potekal projekt Nacionalna izmenjava knji\u017enih kazalk. Projekt je namenjen povezovanju u\u010dencev slovenskih \u0161olskih knji\u017enic, branju, \u0161irjenju obzorij. Tekom projekta u\u010denci izdelajo unikatne knji\u017ene kazalke razli\u010dnih stilov in oblik glede na izbrano temo, se o tej temi pou\u010dijo, izvedo podrobnosti o drugih kulturah in na\u010dinih \u017eivljenja. Ob tem razvijajo svojo kreativnost in inovativnost. Kazalke si u\u010denci izmenjajo z vrstniki iz drugih slovenskih \u0161ol. Gre za zanimiv pristop motiviranja vrstnikov za branje, povezovanje izven svojega doma\u010dega okolja, deljenja zamisli in \u0161irjenja idej. Projekt bomo izvedli z u\u010denci in u\u010diteljicami 3. in 4. razredov.<\/p>\n\n\n<div class=\"wp-block-image\">\n<figure class=\"aligncenter size-large is-resized\"><img loading=\"lazy\" decoding=\"async\" src=\"https:\/\/ostcjknjiznica.splet.arnes.si\/files\/2023\/02\/KAZALKE3-3-904x1024.jpg\" alt=\"\" class=\"wp-image-256\" width=\"298\" height=\"337\" srcset=\"https:\/\/ostcjknjiznica.splet.arnes.si\/files\/2023\/02\/KAZALKE3-3-904x1024.jpg 904w, https:\/\/ostcjknjiznica.splet.arnes.si\/files\/2023\/02\/KAZALKE3-3-265x300.jpg 265w, https:\/\/ostcjknjiznica.splet.arnes.si\/files\/2023\/02\/KAZALKE3-3-768x870.jpg 768w, https:\/\/ostcjknjiznica.splet.arnes.si\/files\/2023\/02\/KAZALKE3-3-1355x1536.jpg 1355w, https:\/\/ostcjknjiznica.splet.arnes.si\/files\/2023\/02\/KAZALKE3-3-1807x2048.jpg 1807w\" sizes=\"auto, (max-width: 298px) 100vw, 298px\" \/><figcaption><em>Poslane kazalke s partnerske \u0161ole III. O\u0160 Celje, mentorica Ur\u0161ka Sotler, 2020 (foto: KSP)<\/em><br><\/figcaption><\/figure>\n<\/div>\n\n\n<p><\/p>\n\n\n\n<p><\/p>\n","protected":false},"excerpt":{"rendered":"<p>V okviru Mednarodnega meseca \u0161olskih knji\u017enic, ki ga praznujemo v oktobru, bo tudi letos pod okriljem Zveze bibliotekarskih zdru\u017eenj Slovenije potekal projekt Nacionalna izmenjava knji\u017enih kazalk. Projekt je namenjen povezovanju u\u010dencev slovenskih \u0161olskih knji\u017enic, branju, \u0161irjenju obzorij. Tekom projekta u\u010denci izdelajo unikatne knji\u017ene kazalke razli\u010dnih stilov in oblik glede na izbrano temo, se o tej &hellip; <a href=\"https:\/\/ostcjknjiznica.splet.arnes.si\/?page_id=67\" class=\"more-link\">Preberi ve\u010d <span class=\"screen-reader-text\">NACIONALNA IZMENJAVA KNJI\u017dNIH KAZALK<\/span> <span class=\"meta-nav\">&rarr;<\/span><\/a><\/p>\n","protected":false},"author":19987,"featured_media":0,"parent":0,"menu_order":0,"comment_status":"closed","ping_status":"closed","template":"","meta":{"footnotes":""},"class_list":["post-67","page","type-page","status-publish","hentry"],"_links":{"self":[{"href":"https:\/\/ostcjknjiznica.splet.arnes.si\/index.php?rest_route=\/wp\/v2\/pages\/67","targetHints":{"allow":["GET"]}}],"collection":[{"href":"https:\/\/ostcjknjiznica.splet.arnes.si\/index.php?rest_route=\/wp\/v2\/pages"}],"about":[{"href":"https:\/\/ostcjknjiznica.splet.arnes.si\/index.php?rest_route=\/wp\/v2\/types\/page"}],"author":[{"embeddable":true,"href":"https:\/\/ostcjknjiznica.splet.arnes.si\/index.php?rest_route=\/wp\/v2\/users\/19987"}],"replies":[{"embeddable":true,"href":"https:\/\/ostcjknjiznica.splet.arnes.si\/index.php?rest_route=%2Fwp%2Fv2%2Fcomments&post=67"}],"version-history":[{"count":10,"href":"https:\/\/ostcjknjiznica.splet.arnes.si\/index.php?rest_route=\/wp\/v2\/pages\/67\/revisions"}],"predecessor-version":[{"id":264,"href":"https:\/\/ostcjknjiznica.splet.arnes.si\/index.php?rest_route=\/wp\/v2\/pages\/67\/revisions\/264"}],"wp:attachment":[{"href":"https:\/\/ostcjknjiznica.splet.arnes.si\/index.php?rest_route=%2Fwp%2Fv2%2Fmedia&parent=67"}],"curies":[{"name":"wp","href":"https:\/\/api.w.org\/{rel}","templated":true}]}}